{"id":1372,"date":"2023-03-10T08:43:58","date_gmt":"2023-03-10T08:43:58","guid":{"rendered":"https:\/\/www.assemblee-des-imaginaires.org\/?page_id=1372"},"modified":"2024-11-28T12:42:42","modified_gmt":"2024-11-28T12:42:42","slug":"a-propos","status":"publish","type":"page","link":"https:\/\/www.assemblee-des-imaginaires.org\/en\/a-propos\/","title":{"rendered":"\u00c0 propos"},"content":{"rendered":"<div data-elementor-type=\"wp-page\" data-elementor-id=\"1372\" class=\"elementor elementor-1372\" data-elementor-post-type=\"page\">\n\t\t\t\t\t\t<section class=\"elementor-section elementor-top-section elementor-element elementor-element-7ad75a3 elementor-section-full_width elementor-section-height-default elementor-section-height-default\" data-id=\"7ad75a3\" data-element_type=\"section\" data-e-type=\"section\" data-settings=\"{&quot;background_background&quot;:&quot;classic&quot;}\">\n\t\t\t\t\t\t<div class=\"elementor-container elementor-column-gap-default\">\n\t\t\t\t\t<div class=\"elementor-column elementor-col-100 elementor-top-column elementor-element elementor-element-ad0e073\" data-id=\"ad0e073\" data-element_type=\"column\" data-e-type=\"column\">\n\t\t\t<div class=\"elementor-widget-wrap elementor-element-populated\">\n\t\t\t\t\t\t<div class=\"elementor-element elementor-element-e508d06 elementor-widget elementor-widget-heading\" data-id=\"e508d06\" data-element_type=\"widget\" data-e-type=\"widget\" data-widget_type=\"heading.default\">\n\t\t\t\t<div class=\"elementor-widget-container\">\n\t\t\t\t\t<h1 class=\"elementor-heading-title elementor-size-default\">En savoir plus<\/h1>\t\t\t\t<\/div>\n\t\t\t\t<\/div>\n\t\t\t\t\t<\/div>\n\t\t<\/div>\n\t\t\t\t\t<\/div>\n\t\t<\/section>\n\t\t\t\t<section class=\"elementor-section elementor-top-section elementor-element elementor-element-681cfc5 elementor-section-full_width elementor-section-height-default elementor-section-height-default\" data-id=\"681cfc5\" data-element_type=\"section\" data-e-type=\"section\">\n\t\t\t\t\t\t<div class=\"elementor-container elementor-column-gap-default\">\n\t\t\t\t\t<div class=\"elementor-column elementor-col-100 elementor-top-column elementor-element elementor-element-0673e1e\" data-id=\"0673e1e\" data-element_type=\"column\" data-e-type=\"column\">\n\t\t\t<div class=\"elementor-widget-wrap elementor-element-populated\">\n\t\t\t\t\t\t<div class=\"elementor-element elementor-element-b3a4ffb elementor-widget elementor-widget-heading\" data-id=\"b3a4ffb\" data-element_type=\"widget\" data-e-type=\"widget\" data-widget_type=\"heading.default\">\n\t\t\t\t<div class=\"elementor-widget-container\">\n\t\t\t\t\t<h4 class=\"elementor-heading-title elementor-size-large\">Quels sont les objectifs de l'Assembl\u00e9e Citoyenne des imaginaires ?<\/h4>\t\t\t\t<\/div>\n\t\t\t\t<\/div>\n\t\t\t\t<div class=\"elementor-element elementor-element-2d1f41b elementor-widget elementor-widget-text-editor\" data-id=\"2d1f41b\" data-element_type=\"widget\" data-e-type=\"widget\" data-widget_type=\"text-editor.default\">\n\t\t\t\t<div class=\"elementor-widget-container\">\n\t\t\t\t\t\t\t\t\t<p>L\u2019Assembl\u00e9e citoyenne des imaginaires propose aux citoyens de participer \u00e0 la cr\u00e9ation de <b>nouveaux imaginaires d\u2019une soci\u00e9t\u00e9 compatible avec le vivant (\u00ab faire r\u00e9cit pour faire soci\u00e9t\u00e9 \u00bb). <\/b>Il s\u2019agit de co-cr\u00e9er de nouveaux r\u00e9cits dont le processus d\u2019\u00e9criture implique \u00e0 la fois :<\/p>\n<ul>\n<li>un panel de citoyens<\/li>\n<li>des sc\u00e9naristes professionnels s\u2019inspirant des apports citoyens (v\u00e9cus et r\u00e9cits)<\/li>\n<li>des experts accompagnant les citoyens et les sc\u00e9naristes vers ces nouveaux r\u00e9cits.<\/li>\n<\/ul>\n<p><br><\/p><p>L\u2019objectif ultime est de produire des \u0153uvres culturelles populaires qui <b>prennent racine dans le v\u00e9cu, les aspirations et les sensibilit\u00e9s des citoyens<\/b>, qui soient <b>\u00e0 la hauteur des grands enjeux de notre \u00e9poque<\/b> et qui allient <b>la p\u00e9dagogie, le r\u00eave collectif et le divertissement.<\/b><\/p>\t\t\t\t\t\t\t\t<\/div>\n\t\t\t\t<\/div>\n\t\t\t\t\t<\/div>\n\t\t<\/div>\n\t\t\t\t\t<\/div>\n\t\t<\/section>\n\t\t\t\t<section class=\"elementor-section elementor-top-section elementor-element elementor-element-d590808 elementor-section-full_width elementor-section-height-default elementor-section-height-default\" data-id=\"d590808\" data-element_type=\"section\" data-e-type=\"section\">\n\t\t\t\t\t\t<div class=\"elementor-container elementor-column-gap-default\">\n\t\t\t\t\t<div class=\"elementor-column elementor-col-50 elementor-top-column elementor-element elementor-element-5868cc3\" data-id=\"5868cc3\" data-element_type=\"column\" data-e-type=\"column\">\n\t\t\t<div class=\"elementor-widget-wrap elementor-element-populated\">\n\t\t\t\t\t\t<div class=\"elementor-element elementor-element-3414339 elementor-widget elementor-widget-image\" data-id=\"3414339\" data-element_type=\"widget\" data-e-type=\"widget\" data-widget_type=\"image.default\">\n\t\t\t\t<div class=\"elementor-widget-container\">\n\t\t\t\t\t\t\t\t\t\t\t\t\t\t\t<img decoding=\"async\" width=\"200\" height=\"200\" src=\"https:\/\/www.assemblee-des-imaginaires.org\/wp-content\/uploads\/2023\/03\/1516340289358-1.jpeg\" class=\"attachment-full size-full wp-image-1787\" alt=\"Photographe de Val\u00e9rie Zoydo\" srcset=\"https:\/\/www.assemblee-des-imaginaires.org\/wp-content\/uploads\/2023\/03\/1516340289358-1.jpeg 200w, https:\/\/www.assemblee-des-imaginaires.org\/wp-content\/uploads\/2023\/03\/1516340289358-1-150x150.jpeg 150w, https:\/\/www.assemblee-des-imaginaires.org\/wp-content\/uploads\/2023\/03\/1516340289358-1-12x12.jpeg 12w\" sizes=\"(max-width: 200px) 100vw, 200px\" \/>\t\t\t\t\t\t\t\t\t\t\t\t\t\t\t<\/div>\n\t\t\t\t<\/div>\n\t\t\t\t\t<\/div>\n\t\t<\/div>\n\t\t\t\t<div class=\"elementor-column elementor-col-50 elementor-top-column elementor-element elementor-element-ad89edd\" data-id=\"ad89edd\" data-element_type=\"column\" data-e-type=\"column\">\n\t\t\t<div class=\"elementor-widget-wrap elementor-element-populated\">\n\t\t\t\t\t\t<div class=\"elementor-element elementor-element-e4c528b elementor-blockquote--skin-border elementor-widget elementor-widget-blockquote\" data-id=\"e4c528b\" data-element_type=\"widget\" data-e-type=\"widget\" data-widget_type=\"blockquote.default\">\n\t\t\t\t<div class=\"elementor-widget-container\">\n\t\t\t\t\t\t\t<blockquote class=\"elementor-blockquote\">\n\t\t\t<p class=\"elementor-blockquote__content\">\n\t\t\t\t\"Un \u00ab nouveau r\u00e9cit \u00bb serait un r\u00e9cit qui d\u00e9crypterait les enjeux majeurs de l\u2019\u00e9poque tout en \u00e9pousant les codes du storytelling. Il porterait un regard sur le monde actuel et \u00e0 venir, \u00e0 mi-chemin entre fiction et r\u00e9el. Un bon r\u00e9cit part de faits lucides qui le rendent cr\u00e9dibles et qui permettent d\u2019entrer en empathie avec les personnages pour ensuite ouvrir le champ de possibles, inviter au r\u00eave, \u00e0 l\u2019extraordinaire, et offrir une exp\u00e9rience immersive, esth\u00e9tique et \u00e9motionnelle.\"\t\t\t<\/p>\n\t\t\t\t\t\t\t<div class=\"e-q-footer\">\n\t\t\t\t\t\t\t\t\t\t\t<cite class=\"elementor-blockquote__author\">Val\u00e9rie Zoydo, experte dans le storytelling du changement individuel et collectif, \u00e0 l'initiative du projet. Entour\u00e9e d\u2019un r\u00e9seau d\u2019experts, elle met \u00e0 disposition son savoir-faire en nouveaux r\u00e9cits, en accompagnement de sc\u00e9naristes de fictions avec de nouveaux imaginaires sur la soci\u00e9t\u00e9 post-carbone. <\/cite>\n\t\t\t\t\t\t\t\t\t\t\t\t\t\t<\/div>\n\t\t\t\t\t<\/blockquote>\n\t\t\t\t\t\t<\/div>\n\t\t\t\t<\/div>\n\t\t\t\t\t<\/div>\n\t\t<\/div>\n\t\t\t\t\t<\/div>\n\t\t<\/section>\n\t\t\t\t<section class=\"elementor-section elementor-top-section elementor-element elementor-element-ef160e9 elementor-section-full_width elementor-section-height-default elementor-section-height-default\" data-id=\"ef160e9\" data-element_type=\"section\" data-e-type=\"section\" data-settings=\"{&quot;background_background&quot;:&quot;classic&quot;}\">\n\t\t\t\t\t\t<div class=\"elementor-container elementor-column-gap-default\">\n\t\t\t\t\t<div class=\"elementor-column elementor-col-100 elementor-top-column elementor-element elementor-element-27a3a6d\" data-id=\"27a3a6d\" data-element_type=\"column\" data-e-type=\"column\">\n\t\t\t<div class=\"elementor-widget-wrap elementor-element-populated\">\n\t\t\t\t\t\t<div class=\"elementor-element elementor-element-bb81b2e elementor-widget-divider--separator-type-pattern elementor-widget-divider--no-spacing elementor-widget-divider--view-line elementor-widget elementor-widget-divider\" data-id=\"bb81b2e\" data-element_type=\"widget\" data-e-type=\"widget\" data-widget_type=\"divider.default\">\n\t\t\t\t<div class=\"elementor-widget-container\">\n\t\t\t\t\t\t\t<div class=\"elementor-divider\" style=\"--divider-pattern-url: url(&quot;data:image\/svg+xml,%3Csvg xmlns=&#039;http:\/\/www.w3.org\/2000\/svg&#039; preserveAspectRatio=&#039;xMidYMid meet&#039; overflow=&#039;visible&#039; height=&#039;100%&#039; viewBox=&#039;0 0 126 26&#039; fill=&#039;black&#039; stroke=&#039;none&#039;%3E%3Cpath d=&#039;M3,10.2c2.6,0,2.6,2,2.6,3.2S4.4,16.5,3,16.5s-3-1.4-3-3.2S0.4,10.2,3,10.2z M18.8,10.2c1.7,0,3.2,1.4,3.2,3.2s-1.4,3.2-3.2,3.2c-1.7,0-3.2-1.4-3.2-3.2S17,10.2,18.8,10.2z M34.6,10.2c1.5,0,2.6,1.4,2.6,3.2s-0.5,3.2-1.9,3.2c-1.5,0-3.4-1.4-3.4-3.2S33.1,10.2,34.6,10.2z M50.5,10.2c1.7,0,3.2,1.4,3.2,3.2s-1.4,3.2-3.2,3.2c-1.7,0-3.3-0.9-3.3-2.6S48.7,10.2,50.5,10.2z M66.2,10.2c1.5,0,3.4,1.4,3.4,3.2s-1.9,3.2-3.4,3.2c-1.5,0-2.6-0.4-2.6-2.1S64.8,10.2,66.2,10.2z M82.2,10.2c1.7,0.8,2.6,1.4,2.6,3.2s-0.1,3.2-1.6,3.2c-1.5,0-3.7-1.4-3.7-3.2S80.5,9.4,82.2,10.2zM98.6,10.2c1.5,0,2.6,0.4,2.6,2.1s-1.2,4.2-2.6,4.2c-1.5,0-3.7-0.4-3.7-2.1S97.1,10.2,98.6,10.2z M113.4,10.2c1.2,0,2.2,0.9,2.2,3.2s-0.1,3.2-1.3,3.2s-3.1-1.4-3.1-3.2S112.2,10.2,113.4,10.2z&#039;\/%3E%3C\/svg%3E&quot;);\">\n\t\t\t<span class=\"elementor-divider-separator\">\n\t\t\t\t\t\t<\/span>\n\t\t<\/div>\n\t\t\t\t\t\t<\/div>\n\t\t\t\t<\/div>\n\t\t\t\t\t<\/div>\n\t\t<\/div>\n\t\t\t\t\t<\/div>\n\t\t<\/section>\n\t\t\t\t<section class=\"elementor-section elementor-top-section elementor-element elementor-element-58a19ff elementor-section-full_width elementor-section-height-default elementor-section-height-default\" data-id=\"58a19ff\" data-element_type=\"section\" data-e-type=\"section\">\n\t\t\t\t\t\t<div class=\"elementor-container elementor-column-gap-default\">\n\t\t\t\t\t<div class=\"elementor-column elementor-col-100 elementor-top-column elementor-element elementor-element-cf96da8\" data-id=\"cf96da8\" data-element_type=\"column\" data-e-type=\"column\">\n\t\t\t<div class=\"elementor-widget-wrap elementor-element-populated\">\n\t\t\t\t\t\t<div class=\"elementor-element elementor-element-a099666 elementor-widget elementor-widget-heading\" data-id=\"a099666\" data-element_type=\"widget\" data-e-type=\"widget\" data-widget_type=\"heading.default\">\n\t\t\t\t<div class=\"elementor-widget-container\">\n\t\t\t\t\t<h4 class=\"elementor-heading-title elementor-size-large\">Foire aux questions<\/h4>\t\t\t\t<\/div>\n\t\t\t\t<\/div>\n\t\t\t\t<div class=\"elementor-element elementor-element-262f29c elementor-widget elementor-widget-toggle\" data-id=\"262f29c\" data-element_type=\"widget\" data-e-type=\"widget\" data-widget_type=\"toggle.default\">\n\t\t\t\t<div class=\"elementor-widget-container\">\n\t\t\t\t\t\t\t<div class=\"elementor-toggle\">\n\t\t\t\t\t\t\t<div class=\"elementor-toggle-item\">\n\t\t\t\t\t<div id=\"elementor-tab-title-4001\" class=\"elementor-tab-title\" data-tab=\"1\" role=\"button\" aria-controls=\"elementor-tab-content-4001\" aria-expanded=\"false\">\n\t\t\t\t\t\t\t\t\t\t\t\t<span class=\"elementor-toggle-icon elementor-toggle-icon-left\" aria-hidden=\"true\">\n\t\t\t\t\t\t\t\t\t\t\t\t\t\t\t<span class=\"elementor-toggle-icon-closed\"><i class=\"fas fa-caret-right\"><\/i><\/span>\n\t\t\t\t\t\t\t\t<span class=\"elementor-toggle-icon-opened\"><i class=\"elementor-toggle-icon-opened fas fa-caret-up\"><\/i><\/span>\n\t\t\t\t\t\t\t\t\t\t\t\t\t<\/span>\n\t\t\t\t\t\t\t\t\t\t\t\t<a class=\"elementor-toggle-title\" tabindex=\"0\">Qu\u2019est ce que l\u2019Assembl\u00e9e citoyenne des imaginaires ?<\/a>\n\t\t\t\t\t<\/div>\n\n\t\t\t\t\t<div id=\"elementor-tab-content-4001\" class=\"elementor-tab-content elementor-clearfix\" data-tab=\"1\" role=\"region\" aria-labelledby=\"elementor-tab-title-4001\"><p><b>L\u2019Assembl\u00e9e citoyenne des Imaginaires<\/b>\u00a0<b>propose aux citoyens de participer \u00e0 l\u2019\u00e9criture des r\u00e9cits du monde \u00e0 venir de mars 2023\u00a0<\/b>jusqu\u2019en janvier 2024<b>.\u00a0<\/b><\/p><p><b>Ces r\u00e9cits<\/b>, \u00e9crits par des citoyens et des sc\u00e9naristes professionnels, donneront naissance \u00e0\u00a0<b>des cr\u00e9ations audiovisuelles impliquant producteurs, diffuseurs et m\u00e9dias\u00a0<\/b>associ\u00e9s \u00e0 la d\u00e9marche.<\/p><p>L\u2019Assembl\u00e9e Citoyenne des Imaginaires entend ainsi\u00a0 rassembler au moins 1000 citoyens sur l\u2019ensemble du territoire fran\u00e7ais, afin de recueillir\u00a0<b>les t\u00e9moignages, v\u00e9cus et aspirations d\u2019une partie de la population.<\/b><\/p><p>Ces contributions citoyennes seront exprim\u00e9es au moyen d\u2019<b>une consultation en ligne\u00a0<\/b>et d\u2019<b>ateliers d\u2019\u00e9criture \u00e0 la fois physiques et digitaux\u00a0<\/b>qui nourriront les nouveaux r\u00e9cits.<\/p><p>Un \u00ab nouveau r\u00e9cit \u00bb est un r\u00e9cit qui d\u00e9crypte les enjeux majeurs de l\u2019\u00e9poque tout en \u00e9pousant les codes du \u201cstorytelling\u201d. Il portere un regard sur le monde actuel et \u00e0 venir, \u00e0 mi-chemin entre fiction et r\u00e9el.<\/p><\/div>\n\t\t\t\t<\/div>\n\t\t\t\t\t\t\t<div class=\"elementor-toggle-item\">\n\t\t\t\t\t<div id=\"elementor-tab-title-4002\" class=\"elementor-tab-title\" data-tab=\"2\" role=\"button\" aria-controls=\"elementor-tab-content-4002\" aria-expanded=\"false\">\n\t\t\t\t\t\t\t\t\t\t\t\t<span class=\"elementor-toggle-icon elementor-toggle-icon-left\" aria-hidden=\"true\">\n\t\t\t\t\t\t\t\t\t\t\t\t\t\t\t<span class=\"elementor-toggle-icon-closed\"><i class=\"fas fa-caret-right\"><\/i><\/span>\n\t\t\t\t\t\t\t\t<span class=\"elementor-toggle-icon-opened\"><i class=\"elementor-toggle-icon-opened fas fa-caret-up\"><\/i><\/span>\n\t\t\t\t\t\t\t\t\t\t\t\t\t<\/span>\n\t\t\t\t\t\t\t\t\t\t\t\t<a class=\"elementor-toggle-title\" tabindex=\"0\">Pourquoi lancer cette Assembl\u00e9e maintenant ?<\/a>\n\t\t\t\t\t<\/div>\n\n\t\t\t\t\t<div id=\"elementor-tab-content-4002\" class=\"elementor-tab-content elementor-clearfix\" data-tab=\"2\" role=\"region\" aria-labelledby=\"elementor-tab-title-4002\"><p>En cette p\u00e9riode de\u00a0<strong>crise \u00e9cologique et sociale,<\/strong>\u00a0il appara\u00eet urgent de\u00a0<strong>proposer de nouveaux imaginaires auxquels les citoyens seraient associ\u00e9s.<\/strong><\/p><p><strong>Faire r\u00e9cit<\/strong>, c\u2019est-\u00e0-dire se projeter dans une histoire collective qui raconte une vue partag\u00e9e du futur,\u00a0<strong>c\u2019est se retrouver pour faire soci\u00e9t\u00e9.\u00a0<\/strong><\/p><\/div>\n\t\t\t\t<\/div>\n\t\t\t\t\t\t\t<div class=\"elementor-toggle-item\">\n\t\t\t\t\t<div id=\"elementor-tab-title-4003\" class=\"elementor-tab-title\" data-tab=\"3\" role=\"button\" aria-controls=\"elementor-tab-content-4003\" aria-expanded=\"false\">\n\t\t\t\t\t\t\t\t\t\t\t\t<span class=\"elementor-toggle-icon elementor-toggle-icon-left\" aria-hidden=\"true\">\n\t\t\t\t\t\t\t\t\t\t\t\t\t\t\t<span class=\"elementor-toggle-icon-closed\"><i class=\"fas fa-caret-right\"><\/i><\/span>\n\t\t\t\t\t\t\t\t<span class=\"elementor-toggle-icon-opened\"><i class=\"elementor-toggle-icon-opened fas fa-caret-up\"><\/i><\/span>\n\t\t\t\t\t\t\t\t\t\t\t\t\t<\/span>\n\t\t\t\t\t\t\t\t\t\t\t\t<a class=\"elementor-toggle-title\" tabindex=\"0\">Quels sont les r\u00e9sultats attendus ?<\/a>\n\t\t\t\t\t<\/div>\n\n\t\t\t\t\t<div id=\"elementor-tab-content-4003\" class=\"elementor-tab-content elementor-clearfix\" data-tab=\"3\" role=\"region\" aria-labelledby=\"elementor-tab-title-4003\"><p>En 2020 l\u2019ADEME publie le rapport\u00a0<a href=\"https:\/\/librairie.ademe.fr\/developpement-durable\/4399-quel-storytelling-des-enjeux-actuels-dans-l-industrie-du-cinema-et-de-la-television-.html\">\u00ab\u00a0Quel storytelling des enjeux actuels dans l\u2019industrie du cin\u00e9ma et de la t\u00e9l\u00e9vision\u00a0\u00bb.<\/a>\u00a0 Ce rapport est issu d\u2019une enqu\u00eate men\u00e9e pendant un an par Val\u00e9rie Zoydo, autrice et r\u00e9alisatrice et impuls\u00e9e par Val\u00e9rie Martin, Cheffe du service Mobilisation Citoyenne et M\u00e9dias \u00e0 l\u2019Ademe.\u00a0<\/p><p>Suite \u00e0 un travail de r\u00e9flexion \u00e0 l\u2019issue de ce rapport, un \u00e9change a eu lieu entre des experts de la consultation citoyenne (bluenove) et des experts du storytelling et l\u2019accompagnement de l\u2019\u00e9criture sc\u00e9naristique (Atmosph\u00e8res) qui ont souhait\u00e9 cr\u00e9er un projet collaboratif fond\u00e9 sur l\u2019intelligence collective citoyenne et sur l\u2019accompagnement sp\u00e9cialis\u00e9 en nouveaux r\u00e9cits.<\/p><p>De nombreux partenaires ont souhait\u00e9 s\u2019associer au projet pour apporter leur expertise et leurs r\u00e9seaux au service de la d\u00e9marche.\u00a0<\/p><p>Vous pouvez les retrouver en bas de page.<\/p><\/div>\n\t\t\t\t<\/div>\n\t\t\t\t\t\t\t<div class=\"elementor-toggle-item\">\n\t\t\t\t\t<div id=\"elementor-tab-title-4004\" class=\"elementor-tab-title\" data-tab=\"4\" role=\"button\" aria-controls=\"elementor-tab-content-4004\" aria-expanded=\"false\">\n\t\t\t\t\t\t\t\t\t\t\t\t<span class=\"elementor-toggle-icon elementor-toggle-icon-left\" aria-hidden=\"true\">\n\t\t\t\t\t\t\t\t\t\t\t\t\t\t\t<span class=\"elementor-toggle-icon-closed\"><i class=\"fas fa-caret-right\"><\/i><\/span>\n\t\t\t\t\t\t\t\t<span class=\"elementor-toggle-icon-opened\"><i class=\"elementor-toggle-icon-opened fas fa-caret-up\"><\/i><\/span>\n\t\t\t\t\t\t\t\t\t\t\t\t\t<\/span>\n\t\t\t\t\t\t\t\t\t\t\t\t<a class=\"elementor-toggle-title\" tabindex=\"0\">Qui peut participer ?<\/a>\n\t\t\t\t\t<\/div>\n\n\t\t\t\t\t<div id=\"elementor-tab-content-4004\" class=\"elementor-tab-content elementor-clearfix\" data-tab=\"4\" role=\"region\" aria-labelledby=\"elementor-tab-title-4004\"><p>L\u2019Assembl\u00e9e citoyenne des imaginaires est ouverte \u00e0 tous les citoyens qui souhaitent\u00a0<strong>contribuer \u00e0 construire ensemble ce futur d\u00e9sirable,<\/strong>\u00a0en contribuant aux diff\u00e9rentes \u00e9tapes propos\u00e9es qui peuvent \u00eatre retrouv\u00e9es \u00e0 ce lien.<\/p><p>Pour les \u00e9v\u00e9nements en pr\u00e9sentiel, vous pouvez vous inscrire selon les modalit\u00e9s pr\u00e9sent\u00e9es au fur et \u00e0 mesure. Une s\u00e9lection pour assurer une diversit\u00e9 des participants\u00a0 sera effectu\u00e9e, notamment aussi pour respecter les jauges des lieux choisis.\u00a0<\/p><p>Ce projet mobilise \u00e9galement\u00a0<strong>des experts des nouveaux r\u00e9cits<\/strong>\u00a0qui accompagneront les citoyens et\u00a0<strong>des sc\u00e9naristes qui s\u2019appuient sur les r\u00e9cits partag\u00e9s<\/strong>\u00a0pour r\u00e9diger des synopsis.<\/p><\/div>\n\t\t\t\t<\/div>\n\t\t\t\t\t\t\t<div class=\"elementor-toggle-item\">\n\t\t\t\t\t<div id=\"elementor-tab-title-4005\" class=\"elementor-tab-title\" data-tab=\"5\" role=\"button\" aria-controls=\"elementor-tab-content-4005\" aria-expanded=\"false\">\n\t\t\t\t\t\t\t\t\t\t\t\t<span class=\"elementor-toggle-icon elementor-toggle-icon-left\" aria-hidden=\"true\">\n\t\t\t\t\t\t\t\t\t\t\t\t\t\t\t<span class=\"elementor-toggle-icon-closed\"><i class=\"fas fa-caret-right\"><\/i><\/span>\n\t\t\t\t\t\t\t\t<span class=\"elementor-toggle-icon-opened\"><i class=\"elementor-toggle-icon-opened fas fa-caret-up\"><\/i><\/span>\n\t\t\t\t\t\t\t\t\t\t\t\t\t<\/span>\n\t\t\t\t\t\t\t\t\t\t\t\t<a class=\"elementor-toggle-title\" tabindex=\"0\">J'ai envie de contribuer, comment faire ?<\/a>\n\t\t\t\t\t<\/div>\n\n\t\t\t\t\t<div id=\"elementor-tab-content-4005\" class=\"elementor-tab-content elementor-clearfix\" data-tab=\"5\" role=\"region\" aria-labelledby=\"elementor-tab-title-4005\"><p>Vous pouvez contribuer \u00e0 cette d\u00e9marche \u00e0 la hauteur de votre envie et du temps que vous avez \u00e0 y consacrer.\u00a0<\/p><p>Voici ce que vous pouvez faire lors de cette premi\u00e8re phase.\u00a0\u00a0<b><\/b><\/p><p><b>La d\u00e9marche m\u2019int\u00e9resse et j\u2019ai envie d\u2019y contribuer\u00a0<\/b><\/p><ul><li aria-level=\"1\">Je participe aux diff\u00e9rentes \u00e9tapes de la d\u00e9marche (ex : je r\u00e9ponds au questionnaire)<\/li><li aria-level=\"1\">Je relaie le lien de la plateforme dans mes r\u00e9seaux\u00a0<\/li><li aria-level=\"1\">Je m\u2019inscris \u00e0 la journ\u00e9e de formation\u201d Nouveaux r\u00e9cits\u201d du 11 mai\u00a0<\/li><\/ul><p><b>Le sujet me passionne, j\u2019ai envie d\u2019y consacrer un peu de temps :\u00a0<\/b><\/p><ul><li aria-level=\"1\">Je rejoins la communaut\u00e9 des IMAGINATEURS pour :<ul><li aria-level=\"2\">\u00e9changer avec les autres membres de la communaut\u00e9<\/li><li aria-level=\"2\">proposer des id\u00e9es de mobilisation\u00a0\u00a0<\/li><li aria-level=\"2\">organiser des ateliers de co-\u00e9criture (ex : dans une ville en dehors de Paris)<\/li><\/ul><\/li><\/ul><p>Pour rejoindre la communaut\u00e9 des imaginateurs, vous pouvez envoyer un mail \u00e0 <a href=\"mailto:contact@assemblee-des-imaginaires.org\">contact@assemblee-des-imaginaires.org<\/a><\/p><\/div>\n\t\t\t\t<\/div>\n\t\t\t\t\t\t\t\t<\/div>\n\t\t\t\t\t\t<\/div>\n\t\t\t\t<\/div>\n\t\t\t\t\t<\/div>\n\t\t<\/div>\n\t\t\t\t\t<\/div>\n\t\t<\/section>\n\t\t\t\t<section class=\"elementor-section elementor-top-section elementor-element elementor-element-a8b00e3 elementor-section-full_width elementor-section-height-default elementor-section-height-default\" data-id=\"a8b00e3\" data-element_type=\"section\" data-e-type=\"section\" data-settings=\"{&quot;background_background&quot;:&quot;classic&quot;}\">\n\t\t\t\t\t\t<div class=\"elementor-container elementor-column-gap-default\">\n\t\t\t\t\t<div class=\"elementor-column elementor-col-100 elementor-top-column elementor-element elementor-element-6472427\" data-id=\"6472427\" data-element_type=\"column\" data-e-type=\"column\">\n\t\t\t<div class=\"elementor-widget-wrap elementor-element-populated\">\n\t\t\t\t\t\t<div class=\"elementor-element elementor-element-0ed2958 elementor-widget-divider--separator-type-pattern elementor-widget-divider--no-spacing elementor-widget-divider--view-line elementor-widget elementor-widget-divider\" data-id=\"0ed2958\" data-element_type=\"widget\" data-e-type=\"widget\" data-widget_type=\"divider.default\">\n\t\t\t\t<div class=\"elementor-widget-container\">\n\t\t\t\t\t\t\t<div class=\"elementor-divider\" style=\"--divider-pattern-url: url(&quot;data:image\/svg+xml,%3Csvg xmlns=&#039;http:\/\/www.w3.org\/2000\/svg&#039; preserveAspectRatio=&#039;xMidYMid meet&#039; overflow=&#039;visible&#039; height=&#039;100%&#039; viewBox=&#039;0 0 126 26&#039; fill=&#039;black&#039; stroke=&#039;none&#039;%3E%3Cpath d=&#039;M3,10.2c2.6,0,2.6,2,2.6,3.2S4.4,16.5,3,16.5s-3-1.4-3-3.2S0.4,10.2,3,10.2z M18.8,10.2c1.7,0,3.2,1.4,3.2,3.2s-1.4,3.2-3.2,3.2c-1.7,0-3.2-1.4-3.2-3.2S17,10.2,18.8,10.2z M34.6,10.2c1.5,0,2.6,1.4,2.6,3.2s-0.5,3.2-1.9,3.2c-1.5,0-3.4-1.4-3.4-3.2S33.1,10.2,34.6,10.2z M50.5,10.2c1.7,0,3.2,1.4,3.2,3.2s-1.4,3.2-3.2,3.2c-1.7,0-3.3-0.9-3.3-2.6S48.7,10.2,50.5,10.2z M66.2,10.2c1.5,0,3.4,1.4,3.4,3.2s-1.9,3.2-3.4,3.2c-1.5,0-2.6-0.4-2.6-2.1S64.8,10.2,66.2,10.2z M82.2,10.2c1.7,0.8,2.6,1.4,2.6,3.2s-0.1,3.2-1.6,3.2c-1.5,0-3.7-1.4-3.7-3.2S80.5,9.4,82.2,10.2zM98.6,10.2c1.5,0,2.6,0.4,2.6,2.1s-1.2,4.2-2.6,4.2c-1.5,0-3.7-0.4-3.7-2.1S97.1,10.2,98.6,10.2z M113.4,10.2c1.2,0,2.2,0.9,2.2,3.2s-0.1,3.2-1.3,3.2s-3.1-1.4-3.1-3.2S112.2,10.2,113.4,10.2z&#039;\/%3E%3C\/svg%3E&quot;);\">\n\t\t\t<span class=\"elementor-divider-separator\">\n\t\t\t\t\t\t<\/span>\n\t\t<\/div>\n\t\t\t\t\t\t<\/div>\n\t\t\t\t<\/div>\n\t\t\t\t\t<\/div>\n\t\t<\/div>\n\t\t\t\t\t<\/div>\n\t\t<\/section>\n\t\t\t\t<section class=\"elementor-section elementor-top-section elementor-element elementor-element-1d15c45 elementor-section-full_width elementor-section-height-default elementor-section-height-default\" data-id=\"1d15c45\" data-element_type=\"section\" data-e-type=\"section\">\n\t\t\t\t\t\t<div class=\"elementor-container elementor-column-gap-default\">\n\t\t\t\t\t<div class=\"elementor-column elementor-col-100 elementor-top-column elementor-element elementor-element-29d01341\" data-id=\"29d01341\" data-element_type=\"column\" data-e-type=\"column\">\n\t\t\t<div class=\"elementor-widget-wrap elementor-element-populated\">\n\t\t\t\t\t\t<div class=\"elementor-element elementor-element-6812ca0 elementor-widget elementor-widget-menu-anchor\" data-id=\"6812ca0\" data-element_type=\"widget\" data-e-type=\"widget\" data-widget_type=\"menu-anchor.default\">\n\t\t\t\t<div class=\"elementor-widget-container\">\n\t\t\t\t\t\t\t<div class=\"elementor-menu-anchor\" id=\"porteurs\"><\/div>\n\t\t\t\t\t\t<\/div>\n\t\t\t\t<\/div>\n\t\t\t\t<div class=\"elementor-element elementor-element-44fa0f8 elementor-widget elementor-widget-heading\" data-id=\"44fa0f8\" data-element_type=\"widget\" data-e-type=\"widget\" data-widget_type=\"heading.default\">\n\t\t\t\t<div class=\"elementor-widget-container\">\n\t\t\t\t\t<h4 class=\"elementor-heading-title elementor-size-large\">Qui porte la d\u00e9marche ?<\/h4>\t\t\t\t<\/div>\n\t\t\t\t<\/div>\n\t\t\t\t<div class=\"elementor-element elementor-element-ae70765 elementor-widget elementor-widget-text-editor\" data-id=\"ae70765\" data-element_type=\"widget\" data-e-type=\"widget\" data-widget_type=\"text-editor.default\">\n\t\t\t\t<div class=\"elementor-widget-container\">\n\t\t\t\t\t\t\t\t\t<blockquote><div><div dir=\"ltr\"><div><p dir=\"ltr\">Cette initiative imagin\u00e9e et construite par Val\u00e9rie Zoydo, fondatrice de YoZo\u0178, storytelleuse du changement individuel et collectif, fait suite \u00e0 une enqu\u00eate men\u00e9e pour l\u2019<a href=\"https:\/\/www.ademe.fr\/\" target=\"_blank\" rel=\"noopener\" data-saferedirecturl=\"https:\/\/www.google.com\/url?q=https:\/\/www.ademe.fr\/&amp;source=gmail&amp;ust=1680190822405000&amp;usg=AOvVaw1wcKpl9Tdtk_uBeVTcQRWe\">ADEME<\/a> (l\u2019Agence de la Transition \u00c9cologique) : \u201cQuel storytelling des enjeux actuels dans l\u2019industrie du cin\u00e9ma et des s\u00e9ries TV\u201d. Ce projet a \u00e9t\u00e9 d\u00e9velopp\u00e9 avec l\u2019ADEME, l\u2019association Atmosph\u00e8res 21, et d\u00e9ploy\u00e9e avec Bluenove pour son expertise technologique et son savoir-faire en d\u00e9mocratie participative. L\u2019association Atmosph\u00e8res 21 organise le<a href=\"https:\/\/www.atmospheresfestival.com\/\" target=\"_blank\" rel=\"noopener\" data-saferedirecturl=\"https:\/\/www.google.com\/url?q=https:\/\/www.atmospheresfestival.com\/&amp;source=gmail&amp;ust=1680190822405000&amp;usg=AOvVaw1VrIdiCTMwHKpo2M_F6AAU\"> Festival Atmosph\u00e8res<\/a>, \u00e9v\u00e9nement culturel pionnier au service du d\u00e9veloppement durable qui apporte notamment son expertise \u00e0 travers un Parcours d\u2019accompagnement sur les \u00ab\u00a0Nouveaux R\u00e9cits\u00a0\u00bb d\u00e9di\u00e9 aux sc\u00e9naristes et aux professionnels de l\u2019audiovisuel. Elle mobilise \u00e9galement les parties prenantes de la cr\u00e9ation et de la diffusion audiovisuelle (producteurs, diffuseurs) susceptibles de valoriser la d\u00e9marche. L&rsquo;assembl\u00e9e citoyenne des imaginaires est soutenue par de grands partenaires, m\u00e9dias, institutions, entreprises et collectivit\u00e9s : TF1, Bayard, Minist\u00e8re de la Transition \u00c9cologique, CNC (Centre National du Cin\u00e9ma et de l\u2019image anim\u00e9e), Veolia, Engie\u2026<\/p><p dir=\"ltr\">\u00a0<\/p><\/div><\/div><\/div><\/blockquote><p><b>Ses travaux sont encadr\u00e9s par Val\u00e9rie Zoydo, fondatrice de YoZo\u0178 soutenue par deux acteurs :<\/b><\/p>\t\t\t\t\t\t\t\t<\/div>\n\t\t\t\t<\/div>\n\t\t\t\t\t<\/div>\n\t\t<\/div>\n\t\t\t\t\t<\/div>\n\t\t<\/section>\n\t\t\t\t<section class=\"elementor-section elementor-top-section elementor-element elementor-element-1779cd36 elementor-section-full_width elementor-section-height-default elementor-section-height-default\" data-id=\"1779cd36\" data-element_type=\"section\" data-e-type=\"section\">\n\t\t\t\t\t\t<div class=\"elementor-container elementor-column-gap-default\">\n\t\t\t\t\t<div class=\"elementor-column elementor-col-50 elementor-top-column elementor-element elementor-element-c51d7c2\" data-id=\"c51d7c2\" data-element_type=\"column\" data-e-type=\"column\">\n\t\t\t<div class=\"elementor-widget-wrap elementor-element-populated\">\n\t\t\t\t\t\t<div class=\"elementor-element elementor-element-4246890d elementor-widget elementor-widget-image\" data-id=\"4246890d\" data-element_type=\"widget\" data-e-type=\"widget\" data-widget_type=\"image.default\">\n\t\t\t\t<div class=\"elementor-widget-container\">\n\t\t\t\t\t\t\t\t\t\t\t\t\t\t\t\t<a href=\"https:\/\/www.atmospheresfestival.com\/\" target=\"_blank\">\n\t\t\t\t\t\t\t<img fetchpriority=\"high\" decoding=\"async\" width=\"300\" height=\"300\" src=\"https:\/\/www.assemblee-des-imaginaires.org\/wp-content\/uploads\/2023\/03\/Atmospheres-nouveaux-recits-300x300.png\" class=\"attachment-medium size-medium wp-image-1849\" alt=\"Logo du parcours nouveaux r\u00e9cits du festival atmosph\u00e8res\" srcset=\"https:\/\/www.assemblee-des-imaginaires.org\/wp-content\/uploads\/2023\/03\/Atmospheres-nouveaux-recits-300x300.png 300w, https:\/\/www.assemblee-des-imaginaires.org\/wp-content\/uploads\/2023\/03\/Atmospheres-nouveaux-recits-150x150.png 150w, https:\/\/www.assemblee-des-imaginaires.org\/wp-content\/uploads\/2023\/03\/Atmospheres-nouveaux-recits-12x12.png 12w, https:\/\/www.assemblee-des-imaginaires.org\/wp-content\/uploads\/2023\/03\/Atmospheres-nouveaux-recits.png 500w\" sizes=\"(max-width: 300px) 100vw, 300px\" \/>\t\t\t\t\t\t\t\t<\/a>\n\t\t\t\t\t\t\t\t\t\t\t\t\t\t\t<\/div>\n\t\t\t\t<\/div>\n\t\t\t\t<div class=\"elementor-element elementor-element-439169c elementor-widget elementor-widget-text-editor\" data-id=\"439169c\" data-element_type=\"widget\" data-e-type=\"widget\" data-widget_type=\"text-editor.default\">\n\t\t\t\t<div class=\"elementor-widget-container\">\n\t\t\t\t\t\t\t\t\t<p><strong>Atmosph\u00e8res 21<\/strong>, association d\u2019int\u00e9r\u00eat g\u00e9n\u00e9ral, a \u00e9t\u00e9 cr\u00e9\u00e9e en 2009 afin de s\u2019investir et de faire \u0153uvre utile pour soutenir les valeurs du d\u00e9veloppement durable \u00e0 travers la culture. Les membres de l\u2019association partagent le point de vue selon lequel la culture fait partie int\u00e9grante du d\u00e9veloppement durable.\u00a0<\/p>\t\t\t\t\t\t\t\t<\/div>\n\t\t\t\t<\/div>\n\t\t\t\t\t<\/div>\n\t\t<\/div>\n\t\t\t\t<div class=\"elementor-column elementor-col-50 elementor-top-column elementor-element elementor-element-6686ffdd\" data-id=\"6686ffdd\" data-element_type=\"column\" data-e-type=\"column\">\n\t\t\t<div class=\"elementor-widget-wrap elementor-element-populated\">\n\t\t\t\t\t\t<div class=\"elementor-element elementor-element-6642edfc elementor-widget elementor-widget-image\" data-id=\"6642edfc\" data-element_type=\"widget\" data-e-type=\"widget\" data-widget_type=\"image.default\">\n\t\t\t\t<div class=\"elementor-widget-container\">\n\t\t\t\t\t\t\t\t\t\t\t\t\t\t\t\t<a href=\"https:\/\/www.ademe.fr\/\" target=\"_blank\">\n\t\t\t\t\t\t\t<img decoding=\"async\" width=\"300\" height=\"300\" src=\"https:\/\/www.assemblee-des-imaginaires.org\/wp-content\/uploads\/2023\/03\/ADEME_carre-300x300.png\" class=\"attachment-medium size-medium wp-image-1472\" alt=\"logo de l&#039;Ademe\" srcset=\"https:\/\/www.assemblee-des-imaginaires.org\/wp-content\/uploads\/2023\/03\/ADEME_carre-300x300.png 300w, https:\/\/www.assemblee-des-imaginaires.org\/wp-content\/uploads\/2023\/03\/ADEME_carre-150x150.png 150w, https:\/\/www.assemblee-des-imaginaires.org\/wp-content\/uploads\/2023\/03\/ADEME_carre-12x12.png 12w, https:\/\/www.assemblee-des-imaginaires.org\/wp-content\/uploads\/2023\/03\/ADEME_carre.png 500w\" sizes=\"(max-width: 300px) 100vw, 300px\" \/>\t\t\t\t\t\t\t\t<\/a>\n\t\t\t\t\t\t\t\t\t\t\t\t\t\t\t<\/div>\n\t\t\t\t<\/div>\n\t\t\t\t<div class=\"elementor-element elementor-element-29a93584 elementor-widget elementor-widget-text-editor\" data-id=\"29a93584\" data-element_type=\"widget\" data-e-type=\"widget\" data-widget_type=\"text-editor.default\">\n\t\t\t\t<div class=\"elementor-widget-container\">\n\t\t\t\t\t\t\t\t\t<p><b>L\u2019ADEME<\/b> participe \u00e0 la construction des politiques nationales et locales de transition \u00e9cologique. Pour cela, elle s&rsquo;appuie sur des \u00e9quipes, pr\u00e9sentes sur tout le territoire fran\u00e7ais, et sur un budget d\u00e9di\u00e9 \u00e0 nos moyens d\u2019intervention, avec un fonctionnement fix\u00e9 par le Code de l\u2019environnement.<\/p>\t\t\t\t\t\t\t\t<\/div>\n\t\t\t\t<\/div>\n\t\t\t\t\t<\/div>\n\t\t<\/div>\n\t\t\t\t\t<\/div>\n\t\t<\/section>\n\t\t\t\t<section class=\"elementor-section elementor-top-section elementor-element elementor-element-309fd05a elementor-section-full_width elementor-section-height-default elementor-section-height-default\" data-id=\"309fd05a\" data-element_type=\"section\" data-e-type=\"section\">\n\t\t\t\t\t\t<div class=\"elementor-container elementor-column-gap-default\">\n\t\t\t\t\t<div class=\"elementor-column elementor-col-100 elementor-top-column elementor-element elementor-element-761369c\" data-id=\"761369c\" data-element_type=\"column\" data-e-type=\"column\">\n\t\t\t<div class=\"elementor-widget-wrap elementor-element-populated\">\n\t\t\t\t\t\t<div class=\"elementor-element elementor-element-a4b3b23 elementor-widget elementor-widget-menu-anchor\" data-id=\"a4b3b23\" data-element_type=\"widget\" data-e-type=\"widget\" data-widget_type=\"menu-anchor.default\">\n\t\t\t\t<div class=\"elementor-widget-container\">\n\t\t\t\t\t\t\t<div class=\"elementor-menu-anchor\" id=\"partenaires\"><\/div>\n\t\t\t\t\t\t<\/div>\n\t\t\t\t<\/div>\n\t\t\t\t<div class=\"elementor-element elementor-element-2f6ee79 elementor-widget elementor-widget-text-editor\" data-id=\"2f6ee79\" data-element_type=\"widget\" data-e-type=\"widget\" data-widget_type=\"text-editor.default\">\n\t\t\t\t<div class=\"elementor-widget-container\">\n\t\t\t\t\t\t\t\t\t<p>Ce projet est \u00e9galement encadr\u00e9 par plusieurs organisations partenaires qui apportent un soutien humain, mat\u00e9riel et financier et participent \u00e0 la d\u00e9finition des grandes orientations du projet.&nbsp;<\/p>\t\t\t\t\t\t\t\t<\/div>\n\t\t\t\t<\/div>\n\t\t\t\t<section class=\"elementor-section elementor-inner-section elementor-element elementor-element-5b41053 elementor-section-content-middle elementor-section-boxed elementor-section-height-default elementor-section-height-default\" data-id=\"5b41053\" data-element_type=\"section\" data-e-type=\"section\">\n\t\t\t\t\t\t<div class=\"elementor-container elementor-column-gap-default\">\n\t\t\t\t\t<div class=\"elementor-column elementor-col-14 elementor-inner-column elementor-element elementor-element-11b113f\" data-id=\"11b113f\" data-element_type=\"column\" data-e-type=\"column\">\n\t\t\t<div class=\"elementor-widget-wrap elementor-element-populated\">\n\t\t\t\t\t\t<div class=\"elementor-element elementor-element-136fa85 elementor-widget elementor-widget-image\" data-id=\"136fa85\" data-element_type=\"widget\" data-e-type=\"widget\" data-widget_type=\"image.default\">\n\t\t\t\t<div class=\"elementor-widget-container\">\n\t\t\t\t\t\t\t\t\t\t\t\t\t\t\t\t<a href=\"https:\/\/groupe-tf1.fr\/\" target=\"_blank\">\n\t\t\t\t\t\t\t<img loading=\"lazy\" decoding=\"async\" width=\"500\" height=\"500\" src=\"https:\/\/www.assemblee-des-imaginaires.org\/wp-content\/uploads\/2023\/03\/4.png\" class=\"attachment-large size-large wp-image-1482\" alt=\"Logo de TF1\" srcset=\"https:\/\/www.assemblee-des-imaginaires.org\/wp-content\/uploads\/2023\/03\/4.png 500w, https:\/\/www.assemblee-des-imaginaires.org\/wp-content\/uploads\/2023\/03\/4-300x300.png 300w, https:\/\/www.assemblee-des-imaginaires.org\/wp-content\/uploads\/2023\/03\/4-150x150.png 150w, https:\/\/www.assemblee-des-imaginaires.org\/wp-content\/uploads\/2023\/03\/4-12x12.png 12w\" sizes=\"(max-width: 500px) 100vw, 500px\" \/>\t\t\t\t\t\t\t\t<\/a>\n\t\t\t\t\t\t\t\t\t\t\t\t\t\t\t<\/div>\n\t\t\t\t<\/div>\n\t\t\t\t\t<\/div>\n\t\t<\/div>\n\t\t\t\t<div class=\"elementor-column elementor-col-14 elementor-inner-column elementor-element elementor-element-f51feac\" data-id=\"f51feac\" data-element_type=\"column\" data-e-type=\"column\">\n\t\t\t<div class=\"elementor-widget-wrap elementor-element-populated\">\n\t\t\t\t\t\t<div class=\"elementor-element elementor-element-71fca2d elementor-widget elementor-widget-image\" data-id=\"71fca2d\" data-element_type=\"widget\" data-e-type=\"widget\" data-widget_type=\"image.default\">\n\t\t\t\t<div class=\"elementor-widget-container\">\n\t\t\t\t\t\t\t\t\t\t\t\t\t\t\t\t<a href=\"https:\/\/www.groupebayard.com\/fr\/\" target=\"_blank\">\n\t\t\t\t\t\t\t<img loading=\"lazy\" decoding=\"async\" width=\"500\" height=\"500\" src=\"https:\/\/www.assemblee-des-imaginaires.org\/wp-content\/uploads\/2023\/03\/7.png\" class=\"attachment-large size-large wp-image-1481\" alt=\"Logo de Bayard\" srcset=\"https:\/\/www.assemblee-des-imaginaires.org\/wp-content\/uploads\/2023\/03\/7.png 500w, https:\/\/www.assemblee-des-imaginaires.org\/wp-content\/uploads\/2023\/03\/7-300x300.png 300w, https:\/\/www.assemblee-des-imaginaires.org\/wp-content\/uploads\/2023\/03\/7-150x150.png 150w, https:\/\/www.assemblee-des-imaginaires.org\/wp-content\/uploads\/2023\/03\/7-12x12.png 12w\" sizes=\"(max-width: 500px) 100vw, 500px\" \/>\t\t\t\t\t\t\t\t<\/a>\n\t\t\t\t\t\t\t\t\t\t\t\t\t\t\t<\/div>\n\t\t\t\t<\/div>\n\t\t\t\t\t<\/div>\n\t\t<\/div>\n\t\t\t\t<div class=\"elementor-column elementor-col-14 elementor-inner-column elementor-element elementor-element-94622ed\" data-id=\"94622ed\" data-element_type=\"column\" data-e-type=\"column\">\n\t\t\t<div class=\"elementor-widget-wrap elementor-element-populated\">\n\t\t\t\t\t\t<div class=\"elementor-element elementor-element-f4eedbd elementor-widget elementor-widget-image\" data-id=\"f4eedbd\" data-element_type=\"widget\" data-e-type=\"widget\" data-widget_type=\"image.default\">\n\t\t\t\t<div class=\"elementor-widget-container\">\n\t\t\t\t\t\t\t\t\t\t\t\t\t\t\t\t<a href=\"https:\/\/www.cnc.fr\/\" target=\"_blank\">\n\t\t\t\t\t\t\t<img loading=\"lazy\" decoding=\"async\" width=\"500\" height=\"500\" src=\"https:\/\/www.assemblee-des-imaginaires.org\/wp-content\/uploads\/2023\/03\/9.png\" class=\"attachment-large size-large wp-image-1828\" alt=\"Logo du CNC\" srcset=\"https:\/\/www.assemblee-des-imaginaires.org\/wp-content\/uploads\/2023\/03\/9.png 500w, https:\/\/www.assemblee-des-imaginaires.org\/wp-content\/uploads\/2023\/03\/9-300x300.png 300w, https:\/\/www.assemblee-des-imaginaires.org\/wp-content\/uploads\/2023\/03\/9-150x150.png 150w, https:\/\/www.assemblee-des-imaginaires.org\/wp-content\/uploads\/2023\/03\/9-12x12.png 12w\" sizes=\"(max-width: 500px) 100vw, 500px\" \/>\t\t\t\t\t\t\t\t<\/a>\n\t\t\t\t\t\t\t\t\t\t\t\t\t\t\t<\/div>\n\t\t\t\t<\/div>\n\t\t\t\t\t<\/div>\n\t\t<\/div>\n\t\t\t\t<div class=\"elementor-column elementor-col-14 elementor-inner-column elementor-element elementor-element-4e81850\" data-id=\"4e81850\" data-element_type=\"column\" data-e-type=\"column\">\n\t\t\t<div class=\"elementor-widget-wrap elementor-element-populated\">\n\t\t\t\t\t\t<div class=\"elementor-element elementor-element-069c11d elementor-widget elementor-widget-image\" data-id=\"069c11d\" data-element_type=\"widget\" data-e-type=\"widget\" data-widget_type=\"image.default\">\n\t\t\t\t<div class=\"elementor-widget-container\">\n\t\t\t\t\t\t\t\t\t\t\t\t\t\t\t\t<a href=\"https:\/\/www.ecologie.gouv.fr\/\" target=\"_blank\">\n\t\t\t\t\t\t\t<img loading=\"lazy\" decoding=\"async\" width=\"500\" height=\"500\" src=\"https:\/\/www.assemblee-des-imaginaires.org\/wp-content\/uploads\/2023\/03\/6.png\" class=\"attachment-large size-large wp-image-1483\" alt=\"Logo du minist\u00e8re de la transition \u00e9cologique\" srcset=\"https:\/\/www.assemblee-des-imaginaires.org\/wp-content\/uploads\/2023\/03\/6.png 500w, https:\/\/www.assemblee-des-imaginaires.org\/wp-content\/uploads\/2023\/03\/6-300x300.png 300w, https:\/\/www.assemblee-des-imaginaires.org\/wp-content\/uploads\/2023\/03\/6-150x150.png 150w, https:\/\/www.assemblee-des-imaginaires.org\/wp-content\/uploads\/2023\/03\/6-12x12.png 12w\" sizes=\"(max-width: 500px) 100vw, 500px\" \/>\t\t\t\t\t\t\t\t<\/a>\n\t\t\t\t\t\t\t\t\t\t\t\t\t\t\t<\/div>\n\t\t\t\t<\/div>\n\t\t\t\t\t<\/div>\n\t\t<\/div>\n\t\t\t\t<div class=\"elementor-column elementor-col-14 elementor-inner-column elementor-element elementor-element-fa66913\" data-id=\"fa66913\" data-element_type=\"column\" data-e-type=\"column\">\n\t\t\t<div class=\"elementor-widget-wrap elementor-element-populated\">\n\t\t\t\t\t\t<div class=\"elementor-element elementor-element-9ef4d1a elementor-widget elementor-widget-image\" data-id=\"9ef4d1a\" data-element_type=\"widget\" data-e-type=\"widget\" data-widget_type=\"image.default\">\n\t\t\t\t<div class=\"elementor-widget-container\">\n\t\t\t\t\t\t\t\t\t\t\t\t\t\t\t\t<a href=\"https:\/\/www.engie.com\/\" target=\"_blank\">\n\t\t\t\t\t\t\t<img loading=\"lazy\" decoding=\"async\" width=\"500\" height=\"500\" src=\"https:\/\/www.assemblee-des-imaginaires.org\/wp-content\/uploads\/2023\/03\/Sans-titre-17.png\" class=\"attachment-large size-large wp-image-1771\" alt=\"Logo de l&#039;entreprise Engie\" srcset=\"https:\/\/www.assemblee-des-imaginaires.org\/wp-content\/uploads\/2023\/03\/Sans-titre-17.png 500w, https:\/\/www.assemblee-des-imaginaires.org\/wp-content\/uploads\/2023\/03\/Sans-titre-17-300x300.png 300w, https:\/\/www.assemblee-des-imaginaires.org\/wp-content\/uploads\/2023\/03\/Sans-titre-17-150x150.png 150w, https:\/\/www.assemblee-des-imaginaires.org\/wp-content\/uploads\/2023\/03\/Sans-titre-17-12x12.png 12w\" sizes=\"(max-width: 500px) 100vw, 500px\" \/>\t\t\t\t\t\t\t\t<\/a>\n\t\t\t\t\t\t\t\t\t\t\t\t\t\t\t<\/div>\n\t\t\t\t<\/div>\n\t\t\t\t\t<\/div>\n\t\t<\/div>\n\t\t\t\t<div class=\"elementor-column elementor-col-14 elementor-inner-column elementor-element elementor-element-78caa9a\" data-id=\"78caa9a\" data-element_type=\"column\" data-e-type=\"column\">\n\t\t\t<div class=\"elementor-widget-wrap elementor-element-populated\">\n\t\t\t\t\t\t<div class=\"elementor-element elementor-element-540655b elementor-widget elementor-widget-image\" data-id=\"540655b\" data-element_type=\"widget\" data-e-type=\"widget\" data-widget_type=\"image.default\">\n\t\t\t\t<div class=\"elementor-widget-container\">\n\t\t\t\t\t\t\t\t\t\t\t\t\t\t\t\t<a href=\"https:\/\/www.veolia.com\/fr\" target=\"_blank\">\n\t\t\t\t\t\t\t<img loading=\"lazy\" decoding=\"async\" width=\"500\" height=\"500\" src=\"https:\/\/www.assemblee-des-imaginaires.org\/wp-content\/uploads\/2023\/03\/5.png\" class=\"attachment-large size-large wp-image-1480\" alt=\"Logo de Veolia\" srcset=\"https:\/\/www.assemblee-des-imaginaires.org\/wp-content\/uploads\/2023\/03\/5.png 500w, https:\/\/www.assemblee-des-imaginaires.org\/wp-content\/uploads\/2023\/03\/5-300x300.png 300w, https:\/\/www.assemblee-des-imaginaires.org\/wp-content\/uploads\/2023\/03\/5-150x150.png 150w, https:\/\/www.assemblee-des-imaginaires.org\/wp-content\/uploads\/2023\/03\/5-12x12.png 12w\" sizes=\"(max-width: 500px) 100vw, 500px\" \/>\t\t\t\t\t\t\t\t<\/a>\n\t\t\t\t\t\t\t\t\t\t\t\t\t\t\t<\/div>\n\t\t\t\t<\/div>\n\t\t\t\t\t<\/div>\n\t\t<\/div>\n\t\t\t\t<div class=\"elementor-column elementor-col-14 elementor-inner-column elementor-element elementor-element-20ac244\" data-id=\"20ac244\" data-element_type=\"column\" data-e-type=\"column\">\n\t\t\t<div class=\"elementor-widget-wrap elementor-element-populated\">\n\t\t\t\t\t\t<div class=\"elementor-element elementor-element-a6eea53 elementor-widget elementor-widget-image\" data-id=\"a6eea53\" data-element_type=\"widget\" data-e-type=\"widget\" data-widget_type=\"image.default\">\n\t\t\t\t<div class=\"elementor-widget-container\">\n\t\t\t\t\t\t\t\t\t\t\t\t\t\t\t<img loading=\"lazy\" decoding=\"async\" width=\"500\" height=\"500\" src=\"https:\/\/www.assemblee-des-imaginaires.org\/wp-content\/uploads\/2023\/03\/Sans-titre-16.png\" class=\"attachment-large size-large wp-image-1464\" alt=\"logo de bluenove\" srcset=\"https:\/\/www.assemblee-des-imaginaires.org\/wp-content\/uploads\/2023\/03\/Sans-titre-16.png 500w, https:\/\/www.assemblee-des-imaginaires.org\/wp-content\/uploads\/2023\/03\/Sans-titre-16-300x300.png 300w, https:\/\/www.assemblee-des-imaginaires.org\/wp-content\/uploads\/2023\/03\/Sans-titre-16-150x150.png 150w, https:\/\/www.assemblee-des-imaginaires.org\/wp-content\/uploads\/2023\/03\/Sans-titre-16-12x12.png 12w\" sizes=\"(max-width: 500px) 100vw, 500px\" \/>\t\t\t\t\t\t\t\t\t\t\t\t\t\t\t<\/div>\n\t\t\t\t<\/div>\n\t\t\t\t\t<\/div>\n\t\t<\/div>\n\t\t\t\t\t<\/div>\n\t\t<\/section>\n\t\t\t\t\t<\/div>\n\t\t<\/div>\n\t\t\t\t\t<\/div>\n\t\t<\/section>\n\t\t\t\t<section class=\"elementor-section elementor-top-section elementor-element elementor-element-cb82065 elementor-section-full_width elementor-section-height-default elementor-section-height-default\" data-id=\"cb82065\" data-element_type=\"section\" data-e-type=\"section\" data-settings=\"{&quot;background_background&quot;:&quot;classic&quot;}\">\n\t\t\t\t\t\t<div class=\"elementor-container elementor-column-gap-default\">\n\t\t\t\t\t<div class=\"elementor-column elementor-col-100 elementor-top-column elementor-element elementor-element-08666f4\" data-id=\"08666f4\" data-element_type=\"column\" data-e-type=\"column\">\n\t\t\t<div class=\"elementor-widget-wrap elementor-element-populated\">\n\t\t\t\t\t\t<div class=\"elementor-element elementor-element-03e0f18 elementor-widget-divider--separator-type-pattern elementor-widget-divider--no-spacing elementor-widget-divider--view-line elementor-widget elementor-widget-divider\" data-id=\"03e0f18\" data-element_type=\"widget\" data-e-type=\"widget\" data-widget_type=\"divider.default\">\n\t\t\t\t<div class=\"elementor-widget-container\">\n\t\t\t\t\t\t\t<div class=\"elementor-divider\" style=\"--divider-pattern-url: url(&quot;data:image\/svg+xml,%3Csvg xmlns=&#039;http:\/\/www.w3.org\/2000\/svg&#039; preserveAspectRatio=&#039;xMidYMid meet&#039; overflow=&#039;visible&#039; height=&#039;100%&#039; viewBox=&#039;0 0 126 26&#039; fill=&#039;black&#039; stroke=&#039;none&#039;%3E%3Cpath d=&#039;M3,10.2c2.6,0,2.6,2,2.6,3.2S4.4,16.5,3,16.5s-3-1.4-3-3.2S0.4,10.2,3,10.2z M18.8,10.2c1.7,0,3.2,1.4,3.2,3.2s-1.4,3.2-3.2,3.2c-1.7,0-3.2-1.4-3.2-3.2S17,10.2,18.8,10.2z M34.6,10.2c1.5,0,2.6,1.4,2.6,3.2s-0.5,3.2-1.9,3.2c-1.5,0-3.4-1.4-3.4-3.2S33.1,10.2,34.6,10.2z M50.5,10.2c1.7,0,3.2,1.4,3.2,3.2s-1.4,3.2-3.2,3.2c-1.7,0-3.3-0.9-3.3-2.6S48.7,10.2,50.5,10.2z M66.2,10.2c1.5,0,3.4,1.4,3.4,3.2s-1.9,3.2-3.4,3.2c-1.5,0-2.6-0.4-2.6-2.1S64.8,10.2,66.2,10.2z M82.2,10.2c1.7,0.8,2.6,1.4,2.6,3.2s-0.1,3.2-1.6,3.2c-1.5,0-3.7-1.4-3.7-3.2S80.5,9.4,82.2,10.2zM98.6,10.2c1.5,0,2.6,0.4,2.6,2.1s-1.2,4.2-2.6,4.2c-1.5,0-3.7-0.4-3.7-2.1S97.1,10.2,98.6,10.2z M113.4,10.2c1.2,0,2.2,0.9,2.2,3.2s-0.1,3.2-1.3,3.2s-3.1-1.4-3.1-3.2S112.2,10.2,113.4,10.2z&#039;\/%3E%3C\/svg%3E&quot;);\">\n\t\t\t<span class=\"elementor-divider-separator\">\n\t\t\t\t\t\t<\/span>\n\t\t<\/div>\n\t\t\t\t\t\t<\/div>\n\t\t\t\t<\/div>\n\t\t\t\t\t<\/div>\n\t\t<\/div>\n\t\t\t\t\t<\/div>\n\t\t<\/section>\n\t\t\t\t<section class=\"elementor-section elementor-top-section elementor-element elementor-element-7aa0575 elementor-section-full_width elementor-section-height-default elementor-section-height-default\" data-id=\"7aa0575\" data-element_type=\"section\" data-e-type=\"section\">\n\t\t\t\t\t\t<div class=\"elementor-container elementor-column-gap-default\">\n\t\t\t\t\t<div class=\"elementor-column elementor-col-100 elementor-top-column elementor-element elementor-element-5936e32\" data-id=\"5936e32\" data-element_type=\"column\" data-e-type=\"column\">\n\t\t\t<div class=\"elementor-widget-wrap elementor-element-populated\">\n\t\t\t\t\t\t<div class=\"elementor-element elementor-element-f8752db elementor-widget elementor-widget-heading\" data-id=\"f8752db\" data-element_type=\"widget\" data-e-type=\"widget\" data-widget_type=\"heading.default\">\n\t\t\t\t<div class=\"elementor-widget-container\">\n\t\t\t\t\t<h4 class=\"elementor-heading-title elementor-size-large\">Quelles sont les \u00e9tapes de la d\u00e9marche ?<\/h4>\t\t\t\t<\/div>\n\t\t\t\t<\/div>\n\t\t\t\t\t<\/div>\n\t\t<\/div>\n\t\t\t\t\t<\/div>\n\t\t<\/section>\n\t\t\t\t<section class=\"elementor-section elementor-top-section elementor-element elementor-element-2e9f6d5 elementor-section-full_width elementor-section-content-top elementor-section-height-default elementor-section-height-default\" data-id=\"2e9f6d5\" data-element_type=\"section\" data-e-type=\"section\">\n\t\t\t\t\t\t<div class=\"elementor-container elementor-column-gap-default\">\n\t\t\t\t\t<div class=\"elementor-column elementor-col-20 elementor-top-column elementor-element elementor-element-f7f9b29\" data-id=\"f7f9b29\" data-element_type=\"column\" data-e-type=\"column\" data-settings=\"{&quot;background_background&quot;:&quot;classic&quot;}\">\n\t\t\t<div class=\"elementor-widget-wrap elementor-element-populated\">\n\t\t\t\t\t\t<div class=\"elementor-element elementor-element-60307a2 elementor-view-default elementor-position-block-start elementor-mobile-position-block-start elementor-widget elementor-widget-icon-box\" data-id=\"60307a2\" data-element_type=\"widget\" data-e-type=\"widget\" data-widget_type=\"icon-box.default\">\n\t\t\t\t<div class=\"elementor-widget-container\">\n\t\t\t\t\t\t\t<div class=\"elementor-icon-box-wrapper\">\n\n\t\t\t\t\t\t<div class=\"elementor-icon-box-icon\">\n\t\t\t\t<span  class=\"elementor-icon\">\n\t\t\t\t<i aria-hidden=\"true\" class=\"fas fa-mouse-pointer\"><\/i>\t\t\t\t<\/span>\n\t\t\t<\/div>\n\t\t\t\n\t\t\t\t\t\t<div class=\"elementor-icon-box-content\">\n\n\t\t\t\t\t\t\t\t\t<h3 class=\"elementor-icon-box-title\">\n\t\t\t\t\t\t<span  >\n\t\t\t\t\t\t\tChapitre 1 :<br>\u00c9coute\t\t\t\t\t\t<\/span>\n\t\t\t\t\t<\/h3>\n\t\t\t\t\n\t\t\t\t\t\t\t\t\t<p class=\"elementor-icon-box-description\">\n\t\t\t\t\t\t<b>Du 28 mars au 30 mai<\/b><br>Questionnaire en ligne sur des sujets allant des pr\u00e9occupations quotidiennes aux mondes r\u00eav\u00e9s des participants\t\t\t\t\t<\/p>\n\t\t\t\t\n\t\t\t<\/div>\n\t\t\t\n\t\t<\/div>\n\t\t\t\t\t\t<\/div>\n\t\t\t\t<\/div>\n\t\t\t\t\t<\/div>\n\t\t<\/div>\n\t\t\t\t<div class=\"elementor-column elementor-col-20 elementor-top-column elementor-element elementor-element-3b7d972\" data-id=\"3b7d972\" data-element_type=\"column\" data-e-type=\"column\" data-settings=\"{&quot;background_background&quot;:&quot;classic&quot;}\">\n\t\t\t<div class=\"elementor-widget-wrap elementor-element-populated\">\n\t\t\t\t\t\t<div class=\"elementor-element elementor-element-6a9b1fd elementor-view-default elementor-position-block-start elementor-mobile-position-block-start elementor-widget elementor-widget-icon-box\" data-id=\"6a9b1fd\" data-element_type=\"widget\" data-e-type=\"widget\" data-widget_type=\"icon-box.default\">\n\t\t\t\t<div class=\"elementor-widget-container\">\n\t\t\t\t\t\t\t<div class=\"elementor-icon-box-wrapper\">\n\n\t\t\t\t\t\t<div class=\"elementor-icon-box-icon\">\n\t\t\t\t<span  class=\"elementor-icon\">\n\t\t\t\t<i aria-hidden=\"true\" class=\"fas fa-pencil-alt\"><\/i>\t\t\t\t<\/span>\n\t\t\t<\/div>\n\t\t\t\n\t\t\t\t\t\t<div class=\"elementor-icon-box-content\">\n\n\t\t\t\t\t\t\t\t\t<h3 class=\"elementor-icon-box-title\">\n\t\t\t\t\t\t<span  >\n\t\t\t\t\t\t\tChapitre 2 : <br>Inspiration et \u00e9criture\t\t\t\t\t\t<\/span>\n\t\t\t\t\t<\/h3>\n\t\t\t\t\n\t\t\t\t\t\t\t\t\t<p class=\"elementor-icon-box-description\">\n\t\t\t\t\t\t<b>Du 1er juin au 30 juillet<\/b><br>Ateliers en ligne et en pr\u00e9sentiel pour co-\u00e9crire de nouveaux r\u00e9cits, collecte de contributions individuelles\t\t\t\t\t<\/p>\n\t\t\t\t\n\t\t\t<\/div>\n\t\t\t\n\t\t<\/div>\n\t\t\t\t\t\t<\/div>\n\t\t\t\t<\/div>\n\t\t\t\t\t<\/div>\n\t\t<\/div>\n\t\t\t\t<div class=\"elementor-column elementor-col-20 elementor-top-column elementor-element elementor-element-ca6efe6\" data-id=\"ca6efe6\" data-element_type=\"column\" data-e-type=\"column\" data-settings=\"{&quot;background_background&quot;:&quot;classic&quot;}\">\n\t\t\t<div class=\"elementor-widget-wrap elementor-element-populated\">\n\t\t\t\t\t\t<div class=\"elementor-element elementor-element-98a9fd7 elementor-view-default elementor-position-block-start elementor-mobile-position-block-start elementor-widget elementor-widget-icon-box\" data-id=\"98a9fd7\" data-element_type=\"widget\" data-e-type=\"widget\" data-widget_type=\"icon-box.default\">\n\t\t\t\t<div class=\"elementor-widget-container\">\n\t\t\t\t\t\t\t<div class=\"elementor-icon-box-wrapper\">\n\n\t\t\t\t\t\t<div class=\"elementor-icon-box-icon\">\n\t\t\t\t<span  class=\"elementor-icon\">\n\t\t\t\t<i aria-hidden=\"true\" class=\"far fa-edit\"><\/i>\t\t\t\t<\/span>\n\t\t\t<\/div>\n\t\t\t\n\t\t\t\t\t\t<div class=\"elementor-icon-box-content\">\n\n\t\t\t\t\t\t\t\t\t<h3 class=\"elementor-icon-box-title\">\n\t\t\t\t\t\t<span  >\n\t\t\t\t\t\t\tTravail des sc\u00e9naristes\t\t\t\t\t\t<\/span>\n\t\t\t\t\t<\/h3>\n\t\t\t\t\n\t\t\t\t\t\t\t\t\t<p class=\"elementor-icon-box-description\">\n\t\t\t\t\t\t<b>D'ao\u00fbt \u00e0 septembre<\/b><br>Travail de sc\u00e9naristes \u00e0 partir des propositions collect\u00e9es lors des \u00e9tapes 1 et 2 (dont r\u00e9sidence d'\u00e9criture)\t\t\t\t\t<\/p>\n\t\t\t\t\n\t\t\t<\/div>\n\t\t\t\n\t\t<\/div>\n\t\t\t\t\t\t<\/div>\n\t\t\t\t<\/div>\n\t\t\t\t\t<\/div>\n\t\t<\/div>\n\t\t\t\t<div class=\"elementor-column elementor-col-20 elementor-top-column elementor-element elementor-element-b0a3da3\" data-id=\"b0a3da3\" data-element_type=\"column\" data-e-type=\"column\">\n\t\t\t<div class=\"elementor-widget-wrap elementor-element-populated\">\n\t\t\t\t\t\t<div class=\"elementor-element elementor-element-cc7a990 elementor-view-default elementor-position-block-start elementor-mobile-position-block-start elementor-widget elementor-widget-icon-box\" data-id=\"cc7a990\" data-element_type=\"widget\" data-e-type=\"widget\" data-widget_type=\"icon-box.default\">\n\t\t\t\t<div class=\"elementor-widget-container\">\n\t\t\t\t\t\t\t<div class=\"elementor-icon-box-wrapper\">\n\n\t\t\t\t\t\t<div class=\"elementor-icon-box-icon\">\n\t\t\t\t<span  class=\"elementor-icon\">\n\t\t\t\t<i aria-hidden=\"true\" class=\"far fa-comments\"><\/i>\t\t\t\t<\/span>\n\t\t\t<\/div>\n\t\t\t\n\t\t\t\t\t\t<div class=\"elementor-icon-box-content\">\n\n\t\t\t\t\t\t\t\t\t<h3 class=\"elementor-icon-box-title\">\n\t\t\t\t\t\t<span  >\n\t\t\t\t\t\t\tChapitre 3 : Enrichissement\t\t\t\t\t\t<\/span>\n\t\t\t\t\t<\/h3>\n\t\t\t\t\n\t\t\t\t\t\t\t\t\t<p class=\"elementor-icon-box-description\">\n\t\t\t\t\t\t<b>Septembre<\/b><br>Navettes avec les citoyens sur les synopsis propos\u00e9s pour les retravailler et les am\u00e9liorer, pr\u00e9sentation des synopsis lors du festival Atmosph\u00e8res\t\t\t\t\t<\/p>\n\t\t\t\t\n\t\t\t<\/div>\n\t\t\t\n\t\t<\/div>\n\t\t\t\t\t\t<\/div>\n\t\t\t\t<\/div>\n\t\t\t\t\t<\/div>\n\t\t<\/div>\n\t\t\t\t<div class=\"elementor-column elementor-col-20 elementor-top-column elementor-element elementor-element-560f6a9\" data-id=\"560f6a9\" data-element_type=\"column\" data-e-type=\"column\">\n\t\t\t<div class=\"elementor-widget-wrap elementor-element-populated\">\n\t\t\t\t\t\t<div class=\"elementor-element elementor-element-9003eb7 elementor-view-default elementor-position-block-start elementor-mobile-position-block-start elementor-widget elementor-widget-icon-box\" data-id=\"9003eb7\" data-element_type=\"widget\" data-e-type=\"widget\" data-widget_type=\"icon-box.default\">\n\t\t\t\t<div class=\"elementor-widget-container\">\n\t\t\t\t\t\t\t<div class=\"elementor-icon-box-wrapper\">\n\n\t\t\t\t\t\t<div class=\"elementor-icon-box-icon\">\n\t\t\t\t<span  class=\"elementor-icon\">\n\t\t\t\t<i aria-hidden=\"true\" class=\"far fa-check-circle\"><\/i>\t\t\t\t<\/span>\n\t\t\t<\/div>\n\t\t\t\n\t\t\t\t\t\t<div class=\"elementor-icon-box-content\">\n\n\t\t\t\t\t\t\t\t\t<h3 class=\"elementor-icon-box-title\">\n\t\t\t\t\t\t<span  >\n\t\t\t\t\t\t\tChapitre 4 : <br>Vote\t\t\t\t\t\t<\/span>\n\t\t\t\t\t<\/h3>\n\t\t\t\t\n\t\t\t\t\t\t\t\t\t<p class=\"elementor-icon-box-description\">\n\t\t\t\t\t\t<b>D\u00e9cembre <\/b><br>Vote en ligne ouvert \u00e0 tous pour s\u00e9lectionner les meilleurs sc\u00e9narios\t\t\t\t\t<\/p>\n\t\t\t\t\n\t\t\t<\/div>\n\t\t\t\n\t\t<\/div>\n\t\t\t\t\t\t<\/div>\n\t\t\t\t<\/div>\n\t\t\t\t\t<\/div>\n\t\t<\/div>\n\t\t\t\t\t<\/div>\n\t\t<\/section>\n\t\t\t\t<section class=\"elementor-section elementor-top-section elementor-element elementor-element-620e557 elementor-section-boxed elementor-section-height-default elementor-section-height-default\" data-id=\"620e557\" data-element_type=\"section\" data-e-type=\"section\" id=\"questionnaire\">\n\t\t\t\t\t\t<div class=\"elementor-container elementor-column-gap-default\">\n\t\t\t\t\t<div class=\"elementor-column elementor-col-100 elementor-top-column elementor-element elementor-element-f97880c\" data-id=\"f97880c\" data-element_type=\"column\" data-e-type=\"column\">\n\t\t\t<div class=\"elementor-widget-wrap elementor-element-populated\">\n\t\t\t\t\t\t<div class=\"elementor-element elementor-element-ed6f231 elementor-align-center elementor-widget elementor-widget-button\" data-id=\"ed6f231\" data-element_type=\"widget\" data-e-type=\"widget\" data-widget_type=\"button.default\">\n\t\t\t\t<div class=\"elementor-widget-container\">\n\t\t\t\t\t\t\t\t\t<div class=\"elementor-button-wrapper\">\n\t\t\t\t\t<a class=\"elementor-button elementor-button-link elementor-size-xl elementor-animation-grow\" href=\"https:\/\/www.assemblee-des-imaginaires.org\/survey\/phase1\">\n\t\t\t\t\t\t<span class=\"elementor-button-content-wrapper\">\n\t\t\t\t\t\t\t\t\t<span class=\"elementor-button-text\">Je r\u00e9ponds au questionnaire<\/span>\n\t\t\t\t\t<\/span>\n\t\t\t\t\t<\/a>\n\t\t\t\t<\/div>\n\t\t\t\t\t\t\t\t<\/div>\n\t\t\t\t<\/div>\n\t\t\t\t\t<\/div>\n\t\t<\/div>\n\t\t\t\t\t<\/div>\n\t\t<\/section>\n\t\t\t\t<\/div>","protected":false},"excerpt":{"rendered":"<p>En savoir plus Quels sont les objectifs de l&rsquo;Assembl\u00e9e Citoyenne des imaginaires ? L\u2019Assembl\u00e9e citoyenne des imaginaires propose aux citoyens de participer \u00e0 la cr\u00e9ation de nouveaux imaginaires d\u2019une soci\u00e9t\u00e9 compatible avec le vivant (\u00ab faire r\u00e9cit pour faire soci\u00e9t\u00e9 \u00bb). Il s\u2019agit de co-cr\u00e9er de nouveaux r\u00e9cits dont le processus d\u2019\u00e9criture implique \u00e0 la [&hellip;]<\/p>\n","protected":false},"author":11,"featured_media":0,"parent":0,"menu_order":0,"comment_status":"closed","ping_status":"closed","template":"","meta":{"inline_featured_image":false,"footnotes":""},"class_list":["post-1372","page","type-page","status-publish","hentry"],"_links":{"self":[{"href":"https:\/\/www.assemblee-des-imaginaires.org\/en\/wp-json\/wp\/v2\/pages\/1372","targetHints":{"allow":["GET"]}}],"collection":[{"href":"https:\/\/www.assemblee-des-imaginaires.org\/en\/wp-json\/wp\/v2\/pages"}],"about":[{"href":"https:\/\/www.assemblee-des-imaginaires.org\/en\/wp-json\/wp\/v2\/types\/page"}],"author":[{"embeddable":true,"href":"https:\/\/www.assemblee-des-imaginaires.org\/en\/wp-json\/wp\/v2\/users\/11"}],"replies":[{"embeddable":true,"href":"https:\/\/www.assemblee-des-imaginaires.org\/en\/wp-json\/wp\/v2\/comments?post=1372"}],"version-history":[{"count":245,"href":"https:\/\/www.assemblee-des-imaginaires.org\/en\/wp-json\/wp\/v2\/pages\/1372\/revisions"}],"predecessor-version":[{"id":2451,"href":"https:\/\/www.assemblee-des-imaginaires.org\/en\/wp-json\/wp\/v2\/pages\/1372\/revisions\/2451"}],"wp:attachment":[{"href":"https:\/\/www.assemblee-des-imaginaires.org\/en\/wp-json\/wp\/v2\/media?parent=1372"}],"curies":[{"name":"wp","href":"https:\/\/api.w.org\/{rel}","templated":true}]}}